{"id":11,"date":"2020-04-07T13:53:14","date_gmt":"2020-04-07T13:53:14","guid":{"rendered":"http:\/\/www.guranmakina.com\/?page_id=11"},"modified":"2024-11-11T13:44:45","modified_gmt":"2024-11-11T10:44:45","slug":"gmt-hakkimizda","status":"publish","type":"page","link":"https:\/\/www.guranmakina.com\/en\/gmt-hakkimizda\/","title":{"rendered":"GMT &#8211; Hakk\u0131m\u0131zda"},"content":{"rendered":"<p>[et_pb_section fb_built=&#8221;1&#8243; fullwidth=&#8221;on&#8221; admin_label=&#8221;Hero Section&#8221; _builder_version=&#8221;4.16&#8243; global_colors_info=&#8221;{}&#8221;][et_pb_fullwidth_header title=&#8221;B\u0130z K\u0130m\u0130z?&#8221; subhead=&#8221;G\u00dcRAN MAK\u0130NA T\u0130CARET&#8221; background_overlay_color=&#8221;rgba(0,0,0,0.6)&#8221; content_max_width=&#8221;700px&#8221; content_last_edited=&#8221;off|phone&#8221; _builder_version=&#8221;4.16&#8243; title_level=&#8221;h2&#8243; title_font=&#8221;|700||on|||||&#8221; title_text_color=&#8221;#edbb5f&#8221; title_font_size=&#8221;14px&#8221; title_letter_spacing=&#8221;2px&#8221; title_line_height=&#8221;1.4em&#8221; content_font=&#8221;||||||||&#8221; content_text_align=&#8221;justify&#8221; content_font_size=&#8221;16px&#8221; content_line_height=&#8221;1.4em&#8221; subhead_font=&#8221;|700||on|||||&#8221; subhead_font_size=&#8221;48px&#8221; subhead_line_height=&#8221;1.8em&#8221; background_color=&#8221;rgba(255,255,255,0)&#8221; background_image=&#8221;https:\/\/www.guranmakina.com\/wp-content\/uploads\/2020\/06\/christopher-burns-8KfCR12oeUM-unsplash.jpg&#8221; custom_button_one=&#8221;on&#8221; button_one_border_width=&#8221;1px&#8221; button_one_border_color=&#8221;rgba(255,255,255,0.3)&#8221; button_one_border_radius=&#8221;0px&#8221; button_one_letter_spacing=&#8221;1px&#8221; button_one_font=&#8221;Saira Extra Condensed|600||on|||||&#8221; button_one_icon=&#8221;&#x24;||divi||400&#8243; button_one_icon_color=&#8221;#edbb5f&#8221; custom_button_two=&#8221;on&#8221; button_two_border_width=&#8221;1px&#8221; button_two_border_color=&#8221;rgba(255,255,255,0.3)&#8221; button_two_border_radius=&#8221;0px&#8221; button_two_letter_spacing=&#8221;1px&#8221; button_two_font=&#8221;Saira Extra Condensed|600||on|||||&#8221; button_two_icon=&#8221;&#x24;||divi||400&#8243; button_two_icon_color=&#8221;#edbb5f&#8221; module_alignment=&#8221;right&#8221; custom_margin=&#8221;|||&#8221; custom_padding=&#8221;8%||187px|||&#8221; title_font_size_tablet=&#8221;&#8221; title_font_size_phone=&#8221;15px&#8221; title_font_size_last_edited=&#8221;on|phone&#8221; content_text_align_tablet=&#8221;&#8221; content_text_align_phone=&#8221;left&#8221; content_text_align_last_edited=&#8221;on|phone&#8221; subhead_font_size_tablet=&#8221;&#8221; subhead_font_size_phone=&#8221;37px&#8221; subhead_font_size_last_edited=&#8221;on|phone&#8221; button_one_text_color_hover=&#8221;#edbb5f&#8221; button_two_text_color_hover=&#8221;#edbb5f&#8221; button_one_bg_color_hover=&#8221;rgba(0,0,0,0)&#8221; button_two_bg_color_hover=&#8221;rgba(0,0,0,0)&#8221; global_colors_info=&#8221;{}&#8221; button_one_text_size__hover_enabled=&#8221;off&#8221; button_two_text_size__hover_enabled=&#8221;off&#8221; button_one_text_color__hover_enabled=&#8221;on&#8221; button_one_text_color__hover=&#8221;#edbb5f&#8221; button_two_text_color__hover_enabled=&#8221;on&#8221; button_two_text_color__hover=&#8221;#edbb5f&#8221; button_one_border_width__hover_enabled=&#8221;off&#8221; button_two_border_width__hover_enabled=&#8221;off&#8221; button_one_border_color__hover_enabled=&#8221;off&#8221; button_two_border_color__hover_enabled=&#8221;off&#8221; button_one_border_radius__hover_enabled=&#8221;off&#8221; button_two_border_radius__hover_enabled=&#8221;off&#8221; button_one_letter_spacing__hover_enabled=&#8221;off&#8221; button_two_letter_spacing__hover_enabled=&#8221;off&#8221; button_one_bg_color__hover_enabled=&#8221;on&#8221; button_one_bg_color__hover=&#8221;rgba(0,0,0,0)&#8221; button_two_bg_color__hover_enabled=&#8221;on&#8221; button_two_bg_color__hover=&#8221;rgba(0,0,0,0)&#8221;]<\/p>\n<h2 style=\"text-align: left;\">1960\u2019tan beri T\u00fcrkiye\u2019nin en \u00f6nde gelen, ilk m\u00fcmessillik firmalar\u0131ndan biriyiz!<\/h2>\n<p>[\/et_pb_fullwidth_header][\/et_pb_section][et_pb_section fb_built=&#8221;1&#8243; admin_label=&#8221;Team&#8221; _builder_version=&#8221;4.16&#8243; background_color=&#8221;#000000&#8243; custom_padding=&#8221;100px|0px|99px|0px&#8221; global_colors_info=&#8221;{}&#8221;][et_pb_row column_structure=&#8221;1_2,1_2&#8243; disabled_on=&#8221;on|on|off&#8221; _builder_version=&#8221;4.16&#8243; background_color=&#8221;rgba(0,0,0,0)&#8221; max_width=&#8221;1440px&#8221; custom_margin=&#8221;|||&#8221; custom_padding=&#8221;|6vw||6vw|false|true&#8221; custom_width_px=&#8221;1440px&#8221; global_colors_info=&#8221;{}&#8221;][et_pb_column type=&#8221;1_2&#8243; _builder_version=&#8221;4.16&#8243; custom_padding=&#8221;|||&#8221; global_colors_info=&#8221;{}&#8221; custom_padding__hover=&#8221;|||&#8221;][et_pb_image src=&#8221;https:\/\/www.guranmakina.com\/wp-content\/uploads\/2020\/05\/necati-guran.jpg&#8221; align=&#8221;center&#8221; align_tablet=&#8221;center&#8221; align_phone=&#8221;&#8221; align_last_edited=&#8221;on|desktop&#8221; _builder_version=&#8221;4.16&#8243; global_colors_info=&#8221;{}&#8221;][\/et_pb_image][et_pb_team_member name=&#8221;Necat\u0130 G\u00dcRAN&#8221; position=&#8221;KURUCU&#8221; _builder_version=&#8221;4.16&#8243; header_font=&#8221;|700||on|||||&#8221; header_text_color=&#8221;#ffffff&#8221; header_font_size=&#8221;20px&#8221; header_letter_spacing=&#8221;1px&#8221; body_font=&#8221;||||||||&#8221; body_font_size=&#8221;16px&#8221; body_line_height=&#8221;1.8em&#8221; text_orientation=&#8221;center&#8221; background_layout=&#8221;dark&#8221; custom_margin=&#8221;40px|||&#8221; icon_hover_color=&#8221;#edbb5f&#8221; global_colors_info=&#8221;{}&#8221; icon_color__hover=&#8221;#edbb5f&#8221; icon_color__hover_enabled=&#8221;on&#8221;][\/et_pb_team_member][\/et_pb_column][et_pb_column type=&#8221;1_2&#8243; _builder_version=&#8221;4.16&#8243; custom_padding=&#8221;|||&#8221; global_colors_info=&#8221;{}&#8221; custom_padding__hover=&#8221;|||&#8221;][et_pb_image src=&#8221;https:\/\/www.guranmakina.com\/wp-content\/uploads\/2022\/02\/WhatsApp-Image-2022-02-01-at-12.37.14.jpeg&#8221; title_text=&#8221;WhatsApp Image 2022-02-01 at 12.37.14&#8243; align=&#8221;center&#8221; align_tablet=&#8221;center&#8221; align_phone=&#8221;&#8221; align_last_edited=&#8221;on|desktop&#8221; _builder_version=&#8221;4.24.0&#8243; width=&#8221;88%&#8221; width_tablet=&#8221;88%&#8221; width_phone=&#8221;88%&#8221; width_last_edited=&#8221;on|desktop&#8221; max_width=&#8221;67%&#8221; max_width_tablet=&#8221;100%&#8221; max_width_phone=&#8221;100%&#8221; max_width_last_edited=&#8221;on|desktop&#8221; min_height=&#8221;511px&#8221; height=&#8221;511px&#8221; global_colors_info=&#8221;{}&#8221;][\/et_pb_image][et_pb_team_member name=&#8221;HARUN G\u00dcRAN&#8221; position=&#8221;CEO&#8221; _builder_version=&#8221;4.16&#8243; header_font=&#8221;|700||on|||||&#8221; header_text_color=&#8221;#ffffff&#8221; header_font_size=&#8221;20px&#8221; header_letter_spacing=&#8221;1px&#8221; body_font=&#8221;||||||||&#8221; body_font_size=&#8221;16px&#8221; body_line_height=&#8221;1.8em&#8221; text_orientation=&#8221;center&#8221; background_layout=&#8221;dark&#8221; custom_margin=&#8221;40px|||&#8221; icon_hover_color=&#8221;#edbb5f&#8221; locked=&#8221;off&#8221; global_colors_info=&#8221;{}&#8221; icon_color__hover=&#8221;#edbb5f&#8221; icon_color__hover_enabled=&#8221;on&#8221;][\/et_pb_team_member][\/et_pb_column][\/et_pb_row][et_pb_row column_structure=&#8221;1_4,1_4,1_4,1_4&#8243; disabled_on=&#8221;off|off|on&#8221; _builder_version=&#8221;4.16&#8243; background_color=&#8221;rgba(0,0,0,0)&#8221; width=&#8221;95%&#8221; max_width=&#8221;1440px&#8221; custom_margin=&#8221;|||&#8221; custom_padding=&#8221;|6vw||6vw|false|true&#8221; custom_width_px=&#8221;1440px&#8221; global_colors_info=&#8221;{}&#8221;][et_pb_column type=&#8221;1_4&#8243; _builder_version=&#8221;4.16&#8243; custom_padding=&#8221;|||&#8221; global_colors_info=&#8221;{}&#8221; custom_padding__hover=&#8221;|||&#8221;][et_pb_image src=&#8221;https:\/\/www.guranmakina.com\/wp-content\/uploads\/2020\/05\/necati-guran.jpg&#8221; align=&#8221;center&#8221; align_tablet=&#8221;center&#8221; align_phone=&#8221;&#8221; align_last_edited=&#8221;on|desktop&#8221; _builder_version=&#8221;4.16&#8243; global_colors_info=&#8221;{}&#8221;][\/et_pb_image][et_pb_team_member name=&#8221;Necat\u0130 G\u00dcRAN&#8221; position=&#8221;KURUCU&#8221; _builder_version=&#8221;4.16&#8243; header_font=&#8221;|700||on|||||&#8221; header_text_color=&#8221;#ffffff&#8221; header_font_size=&#8221;20px&#8221; header_letter_spacing=&#8221;1px&#8221; body_font=&#8221;||||||||&#8221; body_font_size=&#8221;16px&#8221; body_line_height=&#8221;1.8em&#8221; text_orientation=&#8221;center&#8221; background_layout=&#8221;dark&#8221; custom_margin=&#8221;40px|||&#8221; icon_hover_color=&#8221;#edbb5f&#8221; global_colors_info=&#8221;{}&#8221; icon_color__hover=&#8221;#edbb5f&#8221; icon_color__hover_enabled=&#8221;on&#8221;][\/et_pb_team_member][et_pb_text _builder_version=&#8221;4.16&#8243; text_font=&#8221;Poppins||||||||&#8221; text_letter_spacing=&#8221;1px&#8221; text_line_height=&#8221;2em&#8221; header_font=&#8221;||||||||&#8221; header_3_font=&#8221;|600||on|||||&#8221; header_3_line_height=&#8221;1.4em&#8221; background_color=&#8221;#ffffff&#8221; text_orientation=&#8221;center&#8221; custom_margin=&#8221;||||false|false&#8221; custom_padding=&#8221;60px|40px|60px|40px&#8221; border_color_all=&#8221;rgba(51,51,51,0.06)&#8221; border_width_right=&#8221;1px&#8221; border_width_left=&#8221;1px&#8221; locked=&#8221;off&#8221; global_colors_info=&#8221;{}&#8221;]<\/p>\n<p>E\u011fitimini Saint Joseph Lisesi\u2019nde tamamlad\u0131ktan sonra \u0130ngiltere\u2019de Edinburgh \u00dcniversitesi\u2019nde makine m\u00fchendisli\u011fi b\u00f6l\u00fcm\u00fcnden mezun oldu. Bir s\u00fcre \u0130ngiltere\u2019de ya\u015fam\u0131n\u0131 s\u00fcrd\u00fcrd\u00fckten sonra T\u00fcrkiye\u2019ye d\u00f6nerek 1960 y\u0131l\u0131ndan G\u00fcran Makine Ticaret\u2019i kurdu ve T\u00fcrkiye\u2019nin \u00f6nc\u00fc m\u00fcmessillik firmalardan biri haline geldi.<\/p>\n<p>[\/et_pb_text][\/et_pb_column][et_pb_column type=&#8221;1_4&#8243; _builder_version=&#8221;4.27.3&#8243; _module_preset=&#8221;default&#8221; global_colors_info=&#8221;{}&#8221;][\/et_pb_column][et_pb_column type=&#8221;1_4&#8243; _builder_version=&#8221;4.27.3&#8243; _module_preset=&#8221;default&#8221; global_colors_info=&#8221;{}&#8221;][\/et_pb_column][et_pb_column type=&#8221;1_4&#8243; _builder_version=&#8221;4.16&#8243; custom_padding=&#8221;|||&#8221; global_colors_info=&#8221;{}&#8221; custom_padding__hover=&#8221;|||&#8221;][et_pb_image src=&#8221;https:\/\/www.guranmakina.com\/wp-content\/uploads\/2022\/02\/WhatsApp-Image-2022-02-01-at-12.37.14.jpeg&#8221; title_text=&#8221;WhatsApp Image 2022-02-01 at 12.37.14&#8243; align=&#8221;center&#8221; align_tablet=&#8221;center&#8221; align_phone=&#8221;&#8221; align_last_edited=&#8221;on|desktop&#8221; _builder_version=&#8221;4.16&#8243; width=&#8221;100%&#8221; max_width=&#8221;100%&#8221; height=&#8221;516px&#8221; global_colors_info=&#8221;{}&#8221;][\/et_pb_image][et_pb_team_member name=&#8221;HARUN G\u00dcRAN&#8221; position=&#8221;Y\u00d6NET\u0130C\u0130&#8221; _builder_version=&#8221;4.16&#8243; header_font=&#8221;|700||on|||||&#8221; header_text_color=&#8221;#ffffff&#8221; header_font_size=&#8221;20px&#8221; header_letter_spacing=&#8221;1px&#8221; body_font=&#8221;||||||||&#8221; body_font_size=&#8221;16px&#8221; body_line_height=&#8221;1.8em&#8221; text_orientation=&#8221;center&#8221; background_layout=&#8221;dark&#8221; custom_margin=&#8221;40px|||&#8221; icon_hover_color=&#8221;#edbb5f&#8221; locked=&#8221;off&#8221; global_colors_info=&#8221;{}&#8221; icon_color__hover=&#8221;#edbb5f&#8221; icon_color__hover_enabled=&#8221;on&#8221;][\/et_pb_team_member][et_pb_text _builder_version=&#8221;4.16&#8243; text_font=&#8221;Poppins||||||||&#8221; text_letter_spacing=&#8221;1px&#8221; text_line_height=&#8221;2em&#8221; header_font=&#8221;||||||||&#8221; header_3_font=&#8221;|600||on|||||&#8221; header_3_line_height=&#8221;1.4em&#8221; background_color=&#8221;#ffffff&#8221; text_orientation=&#8221;center&#8221; custom_margin=&#8221;||||false|false&#8221; custom_padding=&#8221;60px|40px|60px|40px&#8221; border_color_all=&#8221;rgba(51,51,51,0.06)&#8221; border_width_right=&#8221;1px&#8221; border_width_left=&#8221;1px&#8221; locked=&#8221;off&#8221; global_colors_info=&#8221;{}&#8221;]<\/p>\n<p>E\u011fitimini \u0130ngiltere\u2019de Loughborough \u00dcniversitesi\u2019nde makine m\u00fchendisli\u011fi b\u00f6l\u00fcm\u00fcnde tamamlad\u0131ktan sonra bir s\u00fcre Londra\u2019da ya\u015fad\u0131. \u015eirket i\u015flerinin bir b\u00f6l\u00fcm\u00fcne yard\u0131m ederek orada kald\u0131\u011f\u0131 s\u00fcrede babas\u0131na destek oldu. Birka\u00e7 sene sonra T\u00fcrkiye\u2019ye d\u00f6nerek i\u015fleri babas\u0131ndan devrald\u0131. G\u00fcran Makine Ticaret&#8217;te \u00e7al\u0131\u015fmalara devam edilmektedir.<\/p>\n<p>[\/et_pb_text][et_pb_team_member name=&#8221;S\u0130MLA G\u00dcRAN&#8221; position=&#8221;PAZARLAMA \u0130LET\u0130\u015e\u0130M\u0130 Y\u00d6NET\u0130C\u0130S\u0130&#8221; disabled_on=&#8221;off|off|on&#8221; _builder_version=&#8221;4.27.3&#8243; header_font=&#8221;|700||on|||||&#8221; header_text_color=&#8221;#ffffff&#8221; header_font_size=&#8221;20px&#8221; header_letter_spacing=&#8221;1px&#8221; body_font=&#8221;||||||||&#8221; body_font_size=&#8221;16px&#8221; body_line_height=&#8221;1.8em&#8221; background_color=&#8221;#000000&#8243; text_orientation=&#8221;center&#8221; background_layout=&#8221;dark&#8221; custom_margin=&#8221;40px|||&#8221; icon_hover_color=&#8221;#edbb5f&#8221; locked=&#8221;off&#8221; global_colors_info=&#8221;{}&#8221; icon_color__hover=&#8221;#edbb5f&#8221; icon_color__hover_enabled=&#8221;on&#8221;][\/et_pb_team_member][\/et_pb_column][\/et_pb_row][et_pb_row _builder_version=&#8221;4.16&#8243; _module_preset=&#8221;default&#8221; global_colors_info=&#8221;{}&#8221;][et_pb_column type=&#8221;4_4&#8243; _builder_version=&#8221;4.16&#8243; _module_preset=&#8221;default&#8221; global_colors_info=&#8221;{}&#8221;][et_pb_text disabled_on=&#8221;off|off|on&#8221; _builder_version=&#8221;4.27.3&#8243; text_font=&#8221;Poppins||||||||&#8221; text_letter_spacing=&#8221;1px&#8221; text_line_height=&#8221;2em&#8221; header_font=&#8221;||||||||&#8221; header_3_font=&#8221;|600||on|||||&#8221; header_3_line_height=&#8221;1.4em&#8221; background_color=&#8221;#ffffff&#8221; text_orientation=&#8221;justified&#8221; min_height=&#8221;377px&#8221; custom_margin=&#8221;-8px|||||&#8221; custom_padding=&#8221;60px|40px|60px|40px&#8221; border_color_all=&#8221;rgba(51,51,51,0.06)&#8221; border_width_right=&#8221;1px&#8221; border_width_left=&#8221;1px&#8221; locked=&#8221;off&#8221; global_colors_info=&#8221;{}&#8221;]<\/p>\n<p style=\"text-align: justify;\">VKV Ko\u00e7 \u00d6zel Lisesi\u2019ni bitirdikten sonra Bah\u00e7e\u015fehir \u00dcniversitesi\u2019nde Siyaset Bilimi ve Uluslararas\u0131 \u0130li\u015fkiler B\u00f6l\u00fcm\u00fc\u2019nden mezun oldu. \u00dcniversite y\u0131llar\u0131nda pazarlama alan\u0131nda farkl\u0131 sekt\u00f6rlerde staj tecr\u00fcbeleri edindikten sonra babas\u0131na destek olmak i\u00e7in G\u00fcran Makina\u2019n\u0131n Pazarlama \u0130leti\u015fimi Y\u00f6neticili\u011fini yapmaya ba\u015flad\u0131. \u015eirketin sat\u0131\u015ftan pazarlamaya t\u00fcm s\u00fcre\u00e7lerinde deneyim kazand\u0131 ve \u015firkete yenilik\u00e7i bir bak\u0131\u015f a\u00e7\u0131s\u0131 getirmeye \u00e7al\u0131\u015farak \u00e7e\u015fitli pazarlama stratejileri geli\u015ftirdi. En \u00e7ok \u00f6nem verdi\u011fi konulardan biri olan s\u00fcrd\u00fcr\u00fclebilirlik konusu ile \u015firketin faaliyetlerini entegre etmeye ba\u015flayarak Ye\u015fil ve S\u00fcrd\u00fcr\u00fclebilir \u0130n\u015faat alanlar\u0131nda ara\u015ft\u0131rmalar yapt\u0131. Bu s\u00fcre\u00e7te \u015firket b\u00fcnyesine yeni temsilcilikler katarak Kehan Ekoloji ve CK International gibi \u015firketlerle anla\u015fmalar yapt\u0131. Bir yandan da WWF-T\u00fcrkiye\u2019de (Do\u011fal Hayat Koruma Vakf\u0131) e\u011fitim programlar\u0131 sorumlusu olarak \u00e7al\u0131\u015fmaya ba\u015flad\u0131 ve iki sene boyunca orada \u00e7al\u0131\u015fmalar\u0131n\u0131 s\u00fcrd\u00fcrd\u00fc. Sonras\u0131nda sinema ve sanat sevgisi dolay\u0131s\u0131yla S\u00fcrd\u00fcr\u00fclebilir Ya\u015fam Film Festivali ekibine dahil olarak festival sezonu boyunca onlarla \u00e7al\u0131\u015ft\u0131. Ard\u0131ndan \u00e7e\u015fitli sinema, m\u00fczik ve tiyatro festivallerinde festival koordinat\u00f6r\u00fc ve sponsorluk koordinat\u00f6r\u00fc olarak \u00e7al\u0131\u015fmalar\u0131na devam etti. Film ve tiyatro yap\u0131mc\u0131l\u0131\u011f\u0131 yapmaya ba\u015flad\u0131. Yap\u0131mc\u0131l\u0131k \u015firketini kurdu. K\u00fclt\u00fcr sanat alan\u0131nda \u00e7al\u0131\u015fmalar\u0131na devam etmekte ve halen pazarlama dan\u0131\u015fman\u0131 olarak G\u00fcran Makina\u2019ya proje bazl\u0131 destek vermektedir.<\/p>\n<p>[\/et_pb_text][\/et_pb_column][\/et_pb_row][\/et_pb_section][et_pb_section fb_built=&#8221;1&#8243; disabled_on=&#8221;on|on|off&#8221; admin_label=&#8221;Attributes&#8221; _builder_version=&#8221;4.16&#8243; background_color=&#8221;#000000&#8243; custom_margin=&#8221;|||&#8221; custom_padding=&#8221;0px|0px|100px|0px&#8221; global_colors_info=&#8221;{}&#8221;][et_pb_row column_structure=&#8221;1_2,1_2&#8243; use_custom_gutter=&#8221;on&#8221; gutter_width=&#8221;1&#8243; _builder_version=&#8221;4.16&#8243; background_color=&#8221;#ffffff&#8221; max_width=&#8221;1440px&#8221; custom_margin=&#8221;|||&#8221; custom_padding=&#8221;27px|0px|0px|0px&#8221; box_shadow_style=&#8221;preset3&#8243; box_shadow_vertical=&#8221;15px&#8221; box_shadow_blur=&#8221;80px&#8221; box_shadow_color=&#8221;rgba(0,0,0,0.15)&#8221; use_custom_width=&#8221;on&#8221; custom_width_px=&#8221;1440px&#8221; global_colors_info=&#8221;{}&#8221;][et_pb_column type=&#8221;1_2&#8243; _builder_version=&#8221;4.16&#8243; custom_padding=&#8221;|||&#8221; global_colors_info=&#8221;{}&#8221; custom_padding__hover=&#8221;|||&#8221;][et_pb_text _builder_version=&#8221;4.16&#8243; text_font=&#8221;Poppins||||||||&#8221; text_letter_spacing=&#8221;1px&#8221; text_line_height=&#8221;2em&#8221; header_font=&#8221;||||||||&#8221; header_3_font=&#8221;|600||on|||||&#8221; header_3_line_height=&#8221;1.4em&#8221; background_color=&#8221;#ffffff&#8221; text_orientation=&#8221;justified&#8221; custom_margin=&#8221;-100px|||&#8221; custom_padding=&#8221;60px|40px|60px|40px&#8221; border_color_all=&#8221;rgba(51,51,51,0.06)&#8221; border_width_right=&#8221;1px&#8221; border_width_left=&#8221;1px&#8221; locked=&#8221;off&#8221; global_colors_info=&#8221;{}&#8221;]<\/p>\n<p>E\u011fitimini Saint Joseph Lisesi\u2019nde tamamlad\u0131ktan sonra \u0130ngiltere\u2019de Edinburgh \u00dcniversitesi\u2019nde makine m\u00fchendisli\u011fi b\u00f6l\u00fcm\u00fcnden mezun oldu. Bir s\u00fcre \u0130ngiltere\u2019de ya\u015fam\u0131n\u0131 s\u00fcrd\u00fcrd\u00fckten sonra T\u00fcrkiye\u2019ye d\u00f6nerek 1960 y\u0131l\u0131ndan G\u00fcran Makine Ticaret\u2019i kurdu ve T\u00fcrkiye\u2019nin \u00f6nc\u00fc m\u00fcmessillik firmalardan biri haline geldi.<\/p>\n<p>[\/et_pb_text][\/et_pb_column][et_pb_column type=&#8221;1_2&#8243; _builder_version=&#8221;4.16&#8243; _module_preset=&#8221;default&#8221; global_colors_info=&#8221;{}&#8221;][et_pb_text _builder_version=&#8221;4.16&#8243; text_font=&#8221;Poppins||||||||&#8221; text_letter_spacing=&#8221;1px&#8221; text_line_height=&#8221;2em&#8221; header_font=&#8221;||||||||&#8221; header_3_font=&#8221;|600||on|||||&#8221; header_3_line_height=&#8221;1.4em&#8221; background_color=&#8221;#ffffff&#8221; text_orientation=&#8221;justified&#8221; custom_margin=&#8221;-100px|||&#8221; custom_padding=&#8221;60px|40px|60px|40px&#8221; border_color_all=&#8221;rgba(51,51,51,0.06)&#8221; border_width_right=&#8221;1px&#8221; border_width_left=&#8221;1px&#8221; locked=&#8221;off&#8221; global_colors_info=&#8221;{}&#8221;]<\/p>\n<p>E\u011fitimini \u0130ngiltere\u2019de Loughborough \u00dcniversitesi\u2019nde makine m\u00fchendisli\u011fi b\u00f6l\u00fcm\u00fcnde tamamlad\u0131ktan sonra bir s\u00fcre Londra\u2019da ya\u015fad\u0131. \u015eirket i\u015flerinin bir b\u00f6l\u00fcm\u00fcne yard\u0131m ederek orada kald\u0131\u011f\u0131 s\u00fcrede babas\u0131na destek oldu. Birka\u00e7 sene sonra T\u00fcrkiye\u2019ye d\u00f6nerek i\u015fleri babas\u0131ndan devrald\u0131. G\u00fcran Makine Ticaret&#8217;te \u00e7al\u0131\u015fmalara devam edilmektedir.<\/p>\n<p>[\/et_pb_text][\/et_pb_column][\/et_pb_row][et_pb_row _builder_version=&#8221;4.16&#8243; _module_preset=&#8221;default&#8221; global_colors_info=&#8221;{}&#8221;][et_pb_column type=&#8221;4_4&#8243; _builder_version=&#8221;4.16&#8243; _module_preset=&#8221;default&#8221; global_colors_info=&#8221;{}&#8221;][et_pb_divider show_divider=&#8221;off&#8221; _builder_version=&#8221;4.16&#8243; _module_preset=&#8221;default&#8221; global_colors_info=&#8221;{}&#8221;][\/et_pb_divider][\/et_pb_column][\/et_pb_row][et_pb_row disabled_on=&#8221;off|off|off&#8221; _builder_version=&#8221;4.24.0&#8243; _module_preset=&#8221;default&#8221; global_colors_info=&#8221;{}&#8221;][et_pb_column type=&#8221;4_4&#8243; _builder_version=&#8221;4.16&#8243; _module_preset=&#8221;default&#8221; global_colors_info=&#8221;{}&#8221;][et_pb_team_member name=&#8221;S\u0130MLA G\u00dcRAN&#8221; position=&#8221;PAZARLAMA \u0130LET\u0130\u015e\u0130M\u0130 Y\u00d6NET\u0130C\u0130S\u0130&#8221; disabled_on=&#8221;on|on|off&#8221; _builder_version=&#8221;4.27.3&#8243; header_font=&#8221;|700||on|||||&#8221; header_text_color=&#8221;#ffffff&#8221; header_font_size=&#8221;20px&#8221; header_letter_spacing=&#8221;1px&#8221; body_font=&#8221;||||||||&#8221; body_font_size=&#8221;16px&#8221; body_line_height=&#8221;1.8em&#8221; background_color=&#8221;#000000&#8243; text_orientation=&#8221;center&#8221; background_layout=&#8221;dark&#8221; custom_margin=&#8221;40px|||&#8221; icon_hover_color=&#8221;#edbb5f&#8221; locked=&#8221;off&#8221; global_colors_info=&#8221;{}&#8221; icon_color__hover=&#8221;#edbb5f&#8221; icon_color__hover_enabled=&#8221;on&#8221;][\/et_pb_team_member][et_pb_text disabled_on=&#8221;on|on|off&#8221; _builder_version=&#8221;4.27.3&#8243; text_font=&#8221;Poppins||||||||&#8221; text_letter_spacing=&#8221;1px&#8221; text_line_height=&#8221;2em&#8221; header_font=&#8221;||||||||&#8221; header_3_font=&#8221;|600||on|||||&#8221; header_3_line_height=&#8221;1.4em&#8221; background_color=&#8221;#ffffff&#8221; text_orientation=&#8221;justified&#8221; min_height=&#8221;377px&#8221; custom_margin=&#8221;-8px|||||&#8221; custom_padding=&#8221;60px|40px|60px|40px&#8221; border_color_all=&#8221;rgba(51,51,51,0.06)&#8221; border_width_right=&#8221;1px&#8221; border_width_left=&#8221;1px&#8221; locked=&#8221;off&#8221; global_colors_info=&#8221;{}&#8221;]<\/p>\n<p style=\"text-align: justify;\">VKV Ko\u00e7 \u00d6zel Lisesi\u2019ni bitirdikten sonra Bah\u00e7e\u015fehir \u00dcniversitesi\u2019nde Siyaset Bilimi ve Uluslararas\u0131 \u0130li\u015fkiler B\u00f6l\u00fcm\u00fc\u2019nden mezun oldu. \u00dcniversite y\u0131llar\u0131nda pazarlama alan\u0131nda farkl\u0131 sekt\u00f6rlerde staj tecr\u00fcbeleri edindikten sonra babas\u0131na destek olmak i\u00e7in G\u00fcran Makina\u2019n\u0131n Pazarlama \u0130leti\u015fimi Y\u00f6neticili\u011fini yapmaya ba\u015flad\u0131. \u015eirketin sat\u0131\u015ftan pazarlamaya t\u00fcm s\u00fcre\u00e7lerinde deneyim kazand\u0131 ve \u015firkete yenilik\u00e7i bir bak\u0131\u015f a\u00e7\u0131s\u0131 getirmeye \u00e7al\u0131\u015farak \u00e7e\u015fitli pazarlama stratejileri geli\u015ftirdi. En \u00e7ok \u00f6nem verdi\u011fi konulardan biri olan s\u00fcrd\u00fcr\u00fclebilirlik konusu ile \u015firketin faaliyetlerini entegre etmeye ba\u015flayarak Ye\u015fil ve S\u00fcrd\u00fcr\u00fclebilir \u0130n\u015faat alanlar\u0131nda ara\u015ft\u0131rmalar yapt\u0131. Bu s\u00fcre\u00e7te \u015firket b\u00fcnyesine yeni temsilcilikler katarak Kehan Ekoloji ve CK International gibi \u015firketlerle anla\u015fmalar yapt\u0131. Bir yandan da WWF-T\u00fcrkiye\u2019de (Do\u011fal Hayat Koruma Vakf\u0131) e\u011fitim programlar\u0131 sorumlusu olarak \u00e7al\u0131\u015fmaya ba\u015flad\u0131 ve iki sene boyunca orada \u00e7al\u0131\u015fmalar\u0131n\u0131 s\u00fcrd\u00fcrd\u00fc. Sonras\u0131nda sinema ve sanat sevgisi dolay\u0131s\u0131yla S\u00fcrd\u00fcr\u00fclebilir Ya\u015fam Film Festivali ekibine dahil olarak festival sezonu boyunca onlarla \u00e7al\u0131\u015ft\u0131. Ard\u0131ndan \u00e7e\u015fitli sinema, m\u00fczik ve tiyatro festivallerinde festival koordinat\u00f6r\u00fc ve sponsorluk koordinat\u00f6r\u00fc olarak \u00e7al\u0131\u015fmalar\u0131na devam etti. Film ve tiyatro yap\u0131mc\u0131l\u0131\u011f\u0131 yapmaya ba\u015flad\u0131. Yap\u0131mc\u0131l\u0131k \u015firketini kurdu. K\u00fclt\u00fcr sanat alan\u0131nda \u00e7al\u0131\u015fmalar\u0131na devam etmekte ve halen pazarlama dan\u0131\u015fman\u0131 olarak G\u00fcran Makina\u2019ya proje bazl\u0131 destek vermektedir.<\/p>\n<p>[\/et_pb_text][\/et_pb_column][\/et_pb_row][\/et_pb_section]<\/p>\n","protected":false},"excerpt":{"rendered":"<p>1960\u2019tan beri T\u00fcrkiye\u2019nin en \u00f6nde gelen, ilk m\u00fcmessillik firmalar\u0131ndan biriyiz!E\u011fitimini Saint Joseph Lisesi\u2019nde tamamlad\u0131ktan sonra \u0130ngiltere\u2019de Edinburgh \u00dcniversitesi\u2019nde makine m\u00fchendisli\u011fi b\u00f6l\u00fcm\u00fcnden mezun oldu. Bir s\u00fcre \u0130ngiltere\u2019de ya\u015fam\u0131n\u0131 s\u00fcrd\u00fcrd\u00fckten sonra T\u00fcrkiye\u2019ye d\u00f6nerek 1960 y\u0131l\u0131ndan G\u00fcran Makine Ticaret\u2019i kurdu ve T\u00fcrkiye\u2019nin \u00f6nc\u00fc m\u00fcmessillik firmalardan biri haline geldi.E\u011fitimini \u0130ngiltere\u2019de Loughborough \u00dcniversitesi\u2019nde makine m\u00fchendisli\u011fi b\u00f6l\u00fcm\u00fcnde tamamlad\u0131ktan sonra bir s\u00fcre [&hellip;]<\/p>\n","protected":false},"author":1,"featured_media":0,"parent":0,"menu_order":0,"comment_status":"closed","ping_status":"closed","template":"","meta":{"_et_pb_use_builder":"on","_et_pb_old_content":"","_et_gb_content_width":"","footnotes":""},"class_list":["post-11","page","type-page","status-publish","hentry"],"_links":{"self":[{"href":"https:\/\/www.guranmakina.com\/en\/wp-json\/wp\/v2\/pages\/11","targetHints":{"allow":["GET"]}}],"collection":[{"href":"https:\/\/www.guranmakina.com\/en\/wp-json\/wp\/v2\/pages"}],"about":[{"href":"https:\/\/www.guranmakina.com\/en\/wp-json\/wp\/v2\/types\/page"}],"author":[{"embeddable":true,"href":"https:\/\/www.guranmakina.com\/en\/wp-json\/wp\/v2\/users\/1"}],"replies":[{"embeddable":true,"href":"https:\/\/www.guranmakina.com\/en\/wp-json\/wp\/v2\/comments?post=11"}],"version-history":[{"count":34,"href":"https:\/\/www.guranmakina.com\/en\/wp-json\/wp\/v2\/pages\/11\/revisions"}],"predecessor-version":[{"id":29520,"href":"https:\/\/www.guranmakina.com\/en\/wp-json\/wp\/v2\/pages\/11\/revisions\/29520"}],"wp:attachment":[{"href":"https:\/\/www.guranmakina.com\/en\/wp-json\/wp\/v2\/media?parent=11"}],"curies":[{"name":"wp","href":"https:\/\/api.w.org\/{rel}","templated":true}]}}